{"id":124,"date":"2019-05-29T17:04:51","date_gmt":"2019-05-29T17:04:51","guid":{"rendered":"http:\/\/1.foerderzentrum-poing.de\/?page_id=124"},"modified":"2025-07-02T12:58:15","modified_gmt":"2025-07-02T11:58:15","slug":"soziale-gruppe","status":"publish","type":"page","link":"https:\/\/foerderzentrum-poing.de\/?page_id=124","title":{"rendered":"Soziale Gruppe"},"content":{"rendered":"<h3><span style=\"color: #3366ff;\">Tr\u00e4ger der Sozialp\u00e4dagogischen F\u00f6rdergruppe \u2013 Schloss Zinneberg<\/span><\/h3>\n<p><span style=\"color: #333333;\">Die Sozialp\u00e4dagogische F\u00f6rdergruppe an der Seerosenschule ist eine Einrichtung der Kinder-und Jugendhilfe Schloss Zinneberg. Tr\u00e4ger der Einrichtung ist die Ordensgemeinschaft der Schwestern vom Guten Hirten.<\/span><\/p>\n<p><span style=\"color: #333333;\">Die Kinder- und Jugendhilfe hat auf Schloss Zinneberg eine lange Tradition. \u00dcber 80 Jahre ist es her, dass dort ein Heim f\u00fcr M\u00e4dchen gegr\u00fcndet wurde. Heute stellt sich Schloss Zinneberg als differenziertes Kinder-und Jugendhilfesystem f\u00fcr M\u00e4dchen, Jungen und junge Erwachsene dar. Es gibt ferner ein F\u00f6rderzentrum zur emotionalen und sozialen Entwicklung (Klasse 5-9), eine Berufsschule und einen Ausbildungsbereich.<img loading=\"lazy\" decoding=\"async\" class=\"wp-image-378 alignright\" src=\"http:\/\/1.foerderzentrum-poing.de\/wp-content\/uploads\/2020\/01\/ZinnebergLogo-neu-bearbeitet-2-300x82.gif\" alt=\"\" width=\"289\" height=\"79\" \/><\/span><\/p>\n<p><span style=\"color: #333333;\">N\u00e4here ist auf der Homepage:<a href=\"http:\/\/www.schloss-zinneberg.de\"> <strong>www.schloss-zinneberg.de<\/strong><\/a> zu finden.<br \/>\n<\/span><\/p>\n<h4><span style=\"color: #3366ff;\">Gesetzliche Grundlage der Sozialp\u00e4dagogischen F\u00f6rdergruppe:<\/span><\/h4>\n<p><span style=\"color: #333333;\">Soziale Gruppenarbeit ist eine Leistung nach \u00a729 SGB VIII und bezieht sich an der Seerosenschule ausschlie\u00dflich auf den Grundschulbereich.<\/span><br \/>\n<span style=\"color: #333333;\">Unser Angebot richtet sich an Familien, deren Kinder Hilfe bei der \u00dcberwindung von Entwicklungsschwierigkeiten und Verhaltensproblemen ben\u00f6tigen.<\/span><br \/>\n<span style=\"color: #333333;\">Soziales Lernen steht somit im Vordergrund. Der famili\u00e4re Kontext wird dabei, durch regelm\u00e4\u00dfige Elterngespr\u00e4che, mit einbezogen.<\/span><br \/>\n<span style=\"color: #333333;\">Diese Form sozialp\u00e4dagogischer Begleitung und F\u00f6rderung bedient sich also dem Lernen in der Gruppe in Verbindung mit dem Ein\u00fcben von bestimmten Verhaltensstrategien innerhalb des Familiensystems f\u00fcr ein besseres Miteinander und f\u00fcr eine St\u00e4rkung der Pers\u00f6nlichkeit des Kindes. Wir sprechen deshalb von Sozialp\u00e4dagogischer F\u00f6rdergruppe.<\/span><\/p>\n<h4><span style=\"color: #333333;\"><span style=\"color: #3366ff;\">Inhalte der Sozialp\u00e4dagogischen F\u00f6rdegruppe:<\/span><\/span><\/h4>\n<p><span style=\"color: #333333;\">Die familienorientierte soziale Gruppe bietet Raum, sich konstruktiv mit der eigenen Pers\u00f6nlichkeit auseinanderzusetzen sowie alternative Verhaltensweisen und Konfliktl\u00f6sestrategien auszuprobieren. Dies geschieht durch die St\u00e4rkung der Beziehungs- und Verantwortungsf\u00e4higkeit, durch Ein\u00fcben und Reflexion der Regeln des Zusammenlebens und durch den Abbau von \u00c4ngsten und Vorurteilen.<\/span><\/p>\n<p><span style=\"color: #333333;\">Das Angebot soll Kinder durch positive Erfahrungen in die Lage versetzen, ihre sozialen Fertigkeiten zu verbessern. Hierbei kann der Gruppenprozess, die Gruppendynamik als Mittel genutzt werden, die pers\u00f6nliche Entwicklung des Einzelnen zu f\u00f6rdern und Defizite zu \u00fcberwinden.<\/span><\/p>\n<p><span style=\"color: #333333;\">Die Gruppe findet an der Seerosenschule an zwei Nachmittagen pro Woche im Anschluss an den Unterricht statt.<\/span><\/p>\n<p><span style=\"color: #333333;\">Neben den F\u00f6rderangeboten machen die Kinder hier gemeinsam Hausaufgaben und essen gemeinsam zu Mittag.<\/span><\/p>\n<h4><span style=\"color: #3366ff;\">F\u00f6rderschwerpunkte:<\/span><\/h4>\n<p><strong><span style=\"color: #333333;\">Emotional\/ sozialer Bereich:<\/span><\/strong><\/p>\n<ul>\n<li><span style=\"color: #333333;\">Steigerung des Selbstvertrauens<\/span><\/li>\n<li><span style=\"color: #333333;\">Erh\u00f6hung der Frustrationstoleranz<\/span><\/li>\n<li><span style=\"color: #333333;\">Arbeiten am Durchhalteverm\u00f6gen<\/span><\/li>\n<li><span style=\"color: #333333;\">Hilfe beim Aufbau und dem Erhalt von sozialen Beziehungen<\/span><\/li>\n<li><span style=\"color: #333333;\">\u00c4ngste \u00fcberwinden<\/span><\/li>\n<li><span style=\"color: #333333;\">Erweiterung der Konfliktf\u00e4higkeit<\/span><\/li>\n<li><span style=\"color: #333333;\">Ein\u00fcben von sozialen Verhaltensweisen<\/span><\/li>\n<li><span style=\"color: #333333;\">\u00dcbungen zur Selbst und Fremdwahrnehmung<\/span><\/li>\n<\/ul>\n<p><strong><span style=\"color: #333333;\">Famili\u00e4rer Bereich:<\/span><\/strong><\/p>\n<ul>\n<li><span style=\"color: #333333;\">St\u00e4rkung der Eltern- Kind Beziehung<\/span><\/li>\n<li><span style=\"color: #333333;\">Erweitern der Elternkompetenz<\/span><\/li>\n<li><span style=\"color: #333333;\">F\u00f6rderliche Tagesstruktur<\/span><\/li>\n<li><span style=\"color: #333333;\">Regeln\/ Grenzen\/ Konsequenzen<\/span><\/li>\n<li><span style=\"color: #333333;\">Rollenverteilung in der Familie\/ Geschwisterrivalit\u00e4t<\/span><\/li>\n<li><span style=\"color: #333333;\">Kreativer- Freizeit- und erlebnisp\u00e4dagogischer Bereich:<\/span><\/li>\n<li><span style=\"color: #333333;\">F\u00f6rderung der Fein- und Grobmotorik<\/span><\/li>\n<li><span style=\"color: #333333;\">gemeinsame Unternehmungen<\/span><\/li>\n<li><span style=\"color: #333333;\">Gruppenspiele<\/span><\/li>\n<li><span style=\"color: #333333;\">Jahreszeitliche Feiern und Feste<\/span><\/li>\n<\/ul>\n<p><span style=\"color: #333333;\"><strong>Schulischer Bereich:<\/strong><\/span><\/p>\n<ul>\n<li><span style=\"color: #333333;\">Unterst\u00fctzung bei den Hausaufgaben<\/span><\/li>\n<li><span style=\"color: #333333;\">Verweigerungshaltungen abbauen, bzw. verringern<\/span><\/li>\n<li><span style=\"color: #333333;\">Arbeit an der Konzentrationsf\u00e4higkeit<\/span><\/li>\n<\/ul>\n<p><strong><span style=\"color: #333333;\">Aufnahme\/ Finanzierung:<\/span><\/strong><\/p>\n<p><span style=\"color: #333333;\">Die Ma\u00dfnahme, die \u00fcber ein Jahr l\u00e4uft, wird vom Jugendamt unter bestimmten Voraussetzungen finanziert.<\/span><br \/>\n<span style=\"color: #333333;\">Eine Aufnahme in die Gruppe kann erst nach erfolgreicher Pr\u00fcfung durch das Jugendamt erfolgen.<\/span><br \/>\n<span style=\"color: #333333;\">In der Regel kommt es dann zu einem Erst- bzw. Informationsgespr\u00e4ch, an dem die Eltern, die JAS- Fachkraft der Schule, sowie die Fachkraft der Sozialp\u00e4dagogischen F\u00f6rdergruppe teilnehmen.<\/span><\/p>\n<p><strong><span style=\"color: #333333;\">Ansprechpartner:<\/span><\/strong><br \/>\n<strong><span style=\"color: #333333;\">Frau Ramelsberger, Sozialp\u00e4dagogischen F\u00f6rdergruppe:<\/span><\/strong><br \/>\n<strong><span style=\"color: #333333;\">E-Mail: jugendhilfe.sozialegruppe@schloss-zinneberg.de<\/span><\/strong><br \/>\n<strong><span style=\"color: #333333;\">Telefon: 08121\/ 779472<\/span><\/strong><br \/>\n<strong><span style=\"color: #333333;\">Mobil: 0159\/ 04010353<\/span><\/strong><\/p>\n","protected":false},"excerpt":{"rendered":"<p>Tr\u00e4ger der Sozialp\u00e4dagogischen F\u00f6rdergruppe \u2013 Schloss Zinneberg Die Sozialp\u00e4dagogische F\u00f6rdergruppe an der Seerosenschule ist eine Einrichtung der Kinder-und Jugendhilfe Schloss Zinneberg. Tr\u00e4ger der Einrichtung ist die Ordensgemeinschaft der Schwestern vom Guten Hirten. Die Kinder- und Jugendhilfe hat auf Schloss Zinneberg eine lange Tradition. \u00dcber 80 Jahre ist es her, dass dort ein Heim f\u00fcr M\u00e4dchen gegr\u00fcndet wurde. Heute stellt sich<\/p>\n","protected":false},"author":1,"featured_media":0,"parent":0,"menu_order":0,"comment_status":"closed","ping_status":"closed","template":"","meta":{"footnotes":""},"class_list":["post-124","page","type-page","status-publish","hentry"],"_links":{"self":[{"href":"https:\/\/foerderzentrum-poing.de\/index.php?rest_route=\/wp\/v2\/pages\/124","targetHints":{"allow":["GET"]}}],"collection":[{"href":"https:\/\/foerderzentrum-poing.de\/index.php?rest_route=\/wp\/v2\/pages"}],"about":[{"href":"https:\/\/foerderzentrum-poing.de\/index.php?rest_route=\/wp\/v2\/types\/page"}],"author":[{"embeddable":true,"href":"https:\/\/foerderzentrum-poing.de\/index.php?rest_route=\/wp\/v2\/users\/1"}],"replies":[{"embeddable":true,"href":"https:\/\/foerderzentrum-poing.de\/index.php?rest_route=%2Fwp%2Fv2%2Fcomments&post=124"}],"version-history":[{"count":12,"href":"https:\/\/foerderzentrum-poing.de\/index.php?rest_route=\/wp\/v2\/pages\/124\/revisions"}],"predecessor-version":[{"id":1646,"href":"https:\/\/foerderzentrum-poing.de\/index.php?rest_route=\/wp\/v2\/pages\/124\/revisions\/1646"}],"wp:attachment":[{"href":"https:\/\/foerderzentrum-poing.de\/index.php?rest_route=%2Fwp%2Fv2%2Fmedia&parent=124"}],"curies":[{"name":"wp","href":"https:\/\/api.w.org\/{rel}","templated":true}]}}