{"id":94,"date":"2019-05-29T16:43:09","date_gmt":"2019-05-29T16:43:09","guid":{"rendered":"http:\/\/1.foerderzentrum-poing.de\/?page_id=94"},"modified":"2025-07-02T13:07:20","modified_gmt":"2025-07-02T12:07:20","slug":"msd","status":"publish","type":"page","link":"https:\/\/foerderzentrum-poing.de\/?page_id=94","title":{"rendered":"MSD"},"content":{"rendered":"<h3><span style=\"color: #3366ff;\">Mobiler Sonderp\u00e4dagogischer Dienst<\/span><\/h3>\n<h4><span style=\"color: #3366ff;\">Wer arbeitet im MSD?<\/span><\/h4>\n<p><span style=\"color: #333333;\">Im MSD sind Sonderp\u00e4dagoginnen verschiedener Ausbildungsrichtungen t\u00e4tig.<\/span><\/p>\n<h5><span style=\"color: #333333;\">Ihre Ansprechpartnerinnen:<\/span><\/h5>\n<ul>\n<li><span style=\"color: #333333;\">Irmtraud Schlesinger, zweite Konrektorin und qualifizierte Beratungslehrerin, Leitung der Beratungsstelle<\/span><\/li>\n<li><span style=\"color: #333333;\">Michaela Lamy, Studienr\u00e4tin im F\u00f6rderschuldienst<\/span><\/li>\n<li><span style=\"color: #333333;\">Christiane Gei\u00dfler, Studienr\u00e4tin im F\u00f6rderschuldienst<\/span><\/li>\n<li>Petra Rusp, Studienr\u00e4tin im F\u00f6rderschuldienst<\/li>\n<li>Carola von Hoyningen-Huene, Beratungsrektorin<\/li>\n<\/ul>\n<h5><span style=\"color: #333333;\">Anmeldung und Kontakt:<\/span><\/h5>\n<p><span style=\"color: #333333;\">Die Anforderung des MSD veranlasst die Klassenleitung in Absprache mit der Schulleitung. Hierf\u00fcr steht den Schulen ein entsprechendes Anmeldeformular des SFZ Poing zur Verf\u00fcgung.<\/span><\/p>\n<p><span style=\"color: #333333;\">Nach dessen Eingang nimmt eine Kollegin des MSD Kontakt mit der Grund\u2013 oder Mittelschule auf und vereinbart einen ersten Beratungstermin.<\/span><\/p>\n<p><span style=\"color: #333333;\">Bei Fragen zum MSD k\u00f6nnen Sie sich an die Leitung der Beratungsstelle des SFZ wenden:<br \/>\n<\/span><span style=\"color: #333333;\">Tel.: 08121 \u2013 779415 (bitte gegebenenfalls auf den Anrufbeantworter sprechen)<br \/>\n<\/span><span style=\"color: #333333;\">Email: <a href=\"mailto:Beratungsstelle@seerosenschule-poing.de\">2010.Beratungsstelle@schule.bayern.de<\/a><\/span><\/p>\n<h4><span style=\"color: #3366ff;\">Was ist der MSD?<\/span><\/h4>\n<p><span style=\"color: #333333;\">Der Mobile Sonderp\u00e4dagogische Dienst (MSD) ist ein Angebot der F\u00f6rderschulen f\u00fcr Grund- und Mittelschulen.<br \/>\n<\/span><span style=\"color: #333333;\">Im MSD sind Lehrkr\u00e4fte des F\u00f6rderzentrums Poing t\u00e4tig.<br \/>\n<\/span><span style=\"color: #333333;\">Sie unterst\u00fctzen <strong>Kinder mit sonderp\u00e4dagogischem F\u00f6rderbedarf<\/strong> in den Bereichen<\/span><\/p>\n<ul>\n<li><span style=\"color: #333333;\">Lernen<\/span><\/li>\n<li><span style=\"color: #333333;\">Sprache<\/span><\/li>\n<li><span style=\"color: #333333;\">Verhalten<\/span><\/li>\n<\/ul>\n<p><span style=\"color: #333333;\">sowie <strong>Eltern und Lehrkr\u00e4fte.<\/strong><\/span><\/p>\n<h4><span style=\"color: #3366ff;\">Wann wenden Sie sich als Lehrkraft an den MSD?<\/span><\/h4>\n<p><span style=\"color: #333333;\">Ein Kind in Ihrer Klasse f\u00e4llt auf durch:<\/span><\/p>\n<ul>\n<li><span style=\"color: #333333;\">Probleme beim Erwerb des Lesens<\/span><\/li>\n<li><span style=\"color: #333333;\">Probleme beim Erwerb der Schriftsprache<\/span><\/li>\n<li><span style=\"color: #333333;\">Sprachprobleme<\/span><\/li>\n<li><span style=\"color: #333333;\">geringes Anweisungsverst\u00e4ndnis<\/span><\/li>\n<li><span style=\"color: #333333;\">Probleme bei der Zahlvorstellung und Rechenstrategien<\/span><\/li>\n<li><span style=\"color: #333333;\">Schwierigkeiten in der Aufmerksamkeit, Konzentration und Ausdauer<\/span><\/li>\n<li><span style=\"color: #333333;\">Probleme im emotionalen Bereich<\/span><\/li>\n<li><span style=\"color: #333333;\">Motivationsprobleme<\/span><\/li>\n<li><span style=\"color: #333333;\">Schulunlust<\/span><\/li>\n<li><span style=\"color: #333333;\">St\u00f6rung des Arbeits- und Sozialverhaltens<\/span><\/li>\n<li><span style=\"color: #333333;\">Beeintr\u00e4chtigungen in der Wahrnehmung<\/span><\/li>\n<li><span style=\"color: #333333;\">motorische Probleme<\/span><\/li>\n<\/ul>\n<h4><span style=\"color: #3366ff;\">Wie arbeitet der MSD?<\/span><\/h4>\n<p><span style=\"color: #333333;\">Umfassende <strong>Diagnostik<\/strong> durch:<\/span><\/p>\n<ul>\n<li><span style=\"color: #333333;\">Sch\u00fclerbeobachtung im Unterricht<\/span><\/li>\n<li><span style=\"color: #333333;\">Dokumentenanalyse<\/span><\/li>\n<li><span style=\"color: #333333;\">geeignete Testverfahren bei Lernschwierigkeiten, sprachlichen Auff\u00e4lligkeiten und Verhaltensproblemen<\/span><\/li>\n<li><span style=\"color: #333333;\">Eltern- und Lehrergespr\u00e4che<\/span><\/li>\n<\/ul>\n<p><span style=\"color: #333333;\">Ausf\u00fchrliche <strong>Beratung<\/strong> durch:<\/span><\/p>\n<ul>\n<li><span style=\"color: #333333;\">Besprechung des ermittelten F\u00f6rderbedarfs mit Eltern und Lehrern<\/span><\/li>\n<li><span style=\"color: #333333;\">Aufzeigen m\u00f6glicher Interventionsma\u00dfnahmen<\/span><\/li>\n<li><span style=\"color: #333333;\">Beratung zum passenden F\u00f6rderort<\/span><\/li>\n<li><span style=\"color: #333333;\">Informationen \u00fcber entsprechende Fachdienste<\/span><\/li>\n<li><span style=\"color: #333333;\">Begleitung bei der Schuleingangsdiagnostik<\/span><\/li>\n<\/ul>\n<p><span style=\"color: #333333;\">Unterst\u00fctzung bei der Planung und Entwicklung geeigneter schulinterner <strong>F\u00f6rderma\u00dfnahmen<\/strong>. \u00a0<\/span><\/p>\n<p><span style=\"color: #333333;\"><strong>Interdisziplin\u00e4re Zusammenarbeit<\/strong> mit \u00c4rzten, Psychologen, Therapeuten, Regelschulen und sonstigen Institutionen.<\/span><\/p>\n<p><span style=\"color: #333333;\">Bei Bedarf Kontaktaufnahme zum MSD anderer F\u00f6rderschwerpunkte.<\/span><\/p>\n<p><span style=\"color: #333333;\">Auf Anfrage bieten wir f\u00fcr Kollegien der Regelschule <strong>spezifische Fortbildungen aus dem sonderp\u00e4dagogischen Themenfeld<\/strong> an.<\/span><\/p>\n<h3><span style=\"color: #3366ff;\">Wichtig:<\/span><\/h3>\n<p><em><span style=\"color: #333333;\">Eine vertrauensvolle Zusammenarbeit mit den Regelschullehrkr\u00e4ften und den Erziehungsberechtigten ist uns ein gro\u00dfes Anliegen. Alle Gespr\u00e4che werden streng vertraulich behandelt. Die Mitarbeiterinnen unterliegen der Schweigepflicht. Das Angebot ist kostenfrei.<\/span><\/em><\/p>\n<h4><span style=\"color: #3366ff;\">Besondere Arbeitsfelder in unseren Sprengelschulen<\/span><\/h4>\n<p><strong><span style=\"color: #333333;\">Kooperative Sprachf\u00f6rderung (KSF)<br \/>\n<\/span><\/strong><span style=\"color: #333333;\">Grund- und F\u00f6rderschulen kooperieren mit dem Ziel, gemeinsam alle Kinder in der 1. Jahrgangsstufe in ihrer sprachlichen Entwicklung zu unterst\u00fctzen.<\/span><\/p>\n<p><span style=\"color: #333333;\"><strong>Alternatives Schulisches Angebot (ASA)<\/strong><br \/>\n<\/span><span style=\"color: #333333;\">Grund- bzw. Mittelschulen und F\u00f6rderzentrum arbeiten zusammen zur Pr\u00e4vention, Intervention und Beratung bei Verhaltensproblemen von Sch\u00fclern und Sch\u00fclerinnen.<\/span><\/p>\n<p><span style=\"color: #333333;\"><strong>MSD- Autismus<\/strong> (Eine spezielle Form des MSD f\u00fcr Sch\u00fcler und Sch\u00fclerinnen mit der Diagnose Autismus-Spektrum-St\u00f6rung)<br \/>\n<\/span><span style=\"color: #333333;\">Mitarbeiterinnen des MSD-A beraten Lehrkr\u00e4fte, Erziehungsberechtigte und Sch\u00fcler und Sch\u00fclerinnen aller Schularten, helfen bei Entwicklung, Planung und Durchf\u00fchrung unterst\u00fctzender Ma\u00dfnahmen und F\u00f6rderangebote. Sie f\u00fchren Unterrichtsprojekte und Fortbildungsveranstaltungen zum Thema Autismus durch.\u00a0<\/span><\/p>\n","protected":false},"excerpt":{"rendered":"<p>Mobiler Sonderp\u00e4dagogischer Dienst Wer arbeitet im MSD? Im MSD sind Sonderp\u00e4dagoginnen verschiedener Ausbildungsrichtungen t\u00e4tig. Ihre Ansprechpartnerinnen: Irmtraud Schlesinger, zweite Konrektorin und qualifizierte Beratungslehrerin, Leitung der Beratungsstelle Michaela Lamy, Studienr\u00e4tin im F\u00f6rderschuldienst Christiane Gei\u00dfler, Studienr\u00e4tin im F\u00f6rderschuldienst Petra Rusp, Studienr\u00e4tin im F\u00f6rderschuldienst Carola von Hoyningen-Huene, Beratungsrektorin Anmeldung und Kontakt: Die Anforderung des MSD veranlasst die Klassenleitung in Absprache mit der Schulleitung.<\/p>\n","protected":false},"author":1,"featured_media":0,"parent":0,"menu_order":0,"comment_status":"closed","ping_status":"closed","template":"","meta":{"footnotes":""},"class_list":["post-94","page","type-page","status-publish","hentry"],"_links":{"self":[{"href":"https:\/\/foerderzentrum-poing.de\/index.php?rest_route=\/wp\/v2\/pages\/94","targetHints":{"allow":["GET"]}}],"collection":[{"href":"https:\/\/foerderzentrum-poing.de\/index.php?rest_route=\/wp\/v2\/pages"}],"about":[{"href":"https:\/\/foerderzentrum-poing.de\/index.php?rest_route=\/wp\/v2\/types\/page"}],"author":[{"embeddable":true,"href":"https:\/\/foerderzentrum-poing.de\/index.php?rest_route=\/wp\/v2\/users\/1"}],"replies":[{"embeddable":true,"href":"https:\/\/foerderzentrum-poing.de\/index.php?rest_route=%2Fwp%2Fv2%2Fcomments&post=94"}],"version-history":[{"count":11,"href":"https:\/\/foerderzentrum-poing.de\/index.php?rest_route=\/wp\/v2\/pages\/94\/revisions"}],"predecessor-version":[{"id":1652,"href":"https:\/\/foerderzentrum-poing.de\/index.php?rest_route=\/wp\/v2\/pages\/94\/revisions\/1652"}],"wp:attachment":[{"href":"https:\/\/foerderzentrum-poing.de\/index.php?rest_route=%2Fwp%2Fv2%2Fmedia&parent=94"}],"curies":[{"name":"wp","href":"https:\/\/api.w.org\/{rel}","templated":true}]}}